{"id":2,"date":"2025-11-05T00:12:31","date_gmt":"2025-11-05T00:12:31","guid":{"rendered":"https:\/\/www.szentes.hu\/esza\/?page_id=2"},"modified":"2025-11-07T23:22:52","modified_gmt":"2025-11-07T22:22:52","slug":"sample-page","status":"publish","type":"page","link":"https:\/\/www.szentes.hu\/esza\/","title":{"rendered":"Egy\u00fctt Szentes\u00e9rt: Fenntarthat\u00f3 fejl\u0151d\u00e9s a k\u00f6z\u00f6ss\u00e9g\u00fcnk\u00e9rt"},"content":{"rendered":"<div class=\"wpb-content-wrapper\"><p>[vc_row disable_element=&#8221;yes&#8221;][vc_column][vc_single_image image=&#8221;37&#8243; img_size=&#8221;full&#8221; css=&#8221;&#8221;][\/vc_column][\/vc_row][vc_row][vc_column][vc_empty_space height=&#8221;0px&#8221;][\/vc_column][\/vc_row][vc_row][vc_column][vc_single_image image=&#8221;10&#8243; img_size=&#8221;full&#8221; css=&#8221;&#8221;][\/vc_column][\/vc_row][vc_row disable_element=&#8221;yes&#8221;][vc_column width=&#8221;1\/2&#8243;][vc_column_text css=&#8221;&#8221;]\r\n<p><strong>Szentes V\u00e1ros \u00d6nkorm\u00e1nyzata elind\u00edtja a TOP_Plusz-3.2.1-23-SZ1-2024-00001 azonos\u00edt\u00f3sz\u00e1m\u00fa, \u201eEgy\u00fctt Szentes\u00e9rt: Fenntarthat\u00f3 fejl\u0151d\u00e9s a k\u00f6z\u00f6ss\u00e9g\u00fcnk\u00e9rt\u201d c\u00edm\u0171 projektj\u00e9t. A fejleszt\u00e9s a Sz\u00e9chenyi Terv Plusz program keret\u00e9ben, 811,5 milli\u00f3 forint eur\u00f3pai uni\u00f3s, vissza nem t\u00e9r\u00edtend\u0151 t\u00e1mogat\u00e1s seg\u00edts\u00e9g\u00e9vel val\u00f3sul meg, 2028. m\u00e1rcius 31-ig.<\/strong><\/p>\r\n<p><strong><\/strong><\/p>\r\n<p><strong>A projekt c\u00e9lja Szentes t\u00e1rsadalmi koh\u00e9zi\u00f3j\u00e1nak er\u0151s\u00edt\u00e9se a helyi k\u00f6z\u00f6ss\u00e9gi \u00e9let fejleszt\u00e9s\u00e9vel, az es\u00e9lyegyenl\u0151s\u00e9g \u00e9s az akt\u00edv r\u00e9szv\u00e9tel el\u0151seg\u00edt\u00e9s\u00e9vel. Kiemelt figyelmet kapnak a h\u00e1tr\u00e1nyos helyzet\u0171 csoportok azaz a n\u0151k, gyermekek, id\u0151sek, fogyat\u00e9kkal \u00e9l\u0151k \u00e9s a roma k\u00f6z\u00f6ss\u00e9g.<\/strong><\/p>\r\n<p><strong><\/strong><\/p>\r\n<p><strong>A fejleszt\u00e9st Szentes V\u00e1ros \u00d6nkorm\u00e1nyzata konzorciumi egy\u00fcttm\u0171k\u00f6d\u00e9sben val\u00f3s\u00edtja meg a H\u00e1l\u00f3zat a Region\u00e1lis Fejleszt\u00e9s\u00e9rt Alap\u00edtv\u00e1nnyal (H\u00c1RFA) \u00e9s a MODUS Alap\u00edtv\u00e1nnyal. A tev\u00e9kenys\u00e9gek a konzorciumi partnerek tapasztalataira \u00e9p\u00edtenek: az \u00f6nkorm\u00e1nyzat a gyermekj\u00f3l\u00e9ti \u00e9s eg\u00e9szs\u00e9gfejleszt\u00e9si szolg\u00e1ltat\u00e1sok b\u0151v\u00edt\u00e9s\u00e9\u00e9rt, a H\u00c1RFA az ifj\u00fas\u00e1gi \u00e9s k\u00f6z\u00f6ss\u00e9gfejleszt\u00e9si programok\u00e9rt, a MODUS Alap\u00edtv\u00e1ny pedig a rom\u00e1k, m\u00e9lyszeg\u00e9nys\u00e9gben \u00e9l\u0151k, id\u0151sek \u00e9s fogyat\u00e9kkal \u00e9l\u0151k helyzet\u00e9nek jav\u00edt\u00e1s\u00e1\u00e9rt felel.<\/strong><\/p>\r\n<p><strong><\/strong><\/p>\r\n<p><strong>A projekt sor\u00e1n a v\u00e1ros kultur\u00e1lis, sport- \u00e9s k\u00f6z\u00f6ss\u00e9gi \u00e9let\u00e9be bevonj\u00e1k a fiatalokat, \u00e1tadj\u00e1k a lok\u00e1lis trad\u00edci\u00f3kat az \u00faj gener\u00e1ci\u00f3k sz\u00e1m\u00e1ra, valamint er\u0151s\u00edtik a kisk\u00f6z\u00f6ss\u00e9gek bels\u0151 \u00f6sszetart\u00e1s\u00e1t.<\/strong><\/p>\r\n<p>[\/vc_column_text][\/vc_column][vc_column width=&#8221;1\/2&#8243;][vc_column_text css=&#8221;&#8221;]\r\n<p><strong>Projekt c\u00edme:<\/strong>\u00a0Egy\u00fctt Szentes\u00e9rt: Fenntarthat\u00f3 fejl\u0151d\u00e9s a k\u00f6z\u00f6ss\u00e9g\u00fcnk\u00e9rt<\/p>\r\n<p><strong>Projekt azonos\u00edt\u00f3 sz\u00e1ma:<\/strong>\u00a0TOP_PLUSZ-3.2.1-23-SZ1-2024-00001<\/p>\r\n<p><strong>Projekt v\u00e9ge:<\/strong>\u00a02028. m\u00e1rcius 31.<\/p>\r\n<p><strong>T\u00e1mogat\u00e1si \u00f6sszeg:<\/strong>\u00a0811 498 652 Ft<\/p>\r\n<p><strong>Konzorcium vezet\u0151:<\/strong>\u00a0Szentes V\u00e1ros \u00d6nkorm\u00e1nyzata<\/p>\r\n<p><strong>Konzorciumi tagok:<\/strong><\/p>\r\n<ul class=\"wp-block-list\">\r\n<li>H\u00e1l\u00f3zat a Region\u00e1lis Fejleszt\u00e9s\u00e9rt Alap\u00edtv\u00e1ny (H\u00c1RFA)<\/li>\r\n<li>MODUS Alap\u00edtv\u00e1ny<\/li>\r\n<\/ul>\r\n<p><strong>Megval\u00f3sul\u00e1s helysz\u00edne:<\/strong>\u00a0Szentes v\u00e1ros ter\u00fclete<\/p>\r\n<p><strong>Projekt c\u00e9lcsoportja<\/strong>: A v\u00e1ros lakoss\u00e1g\u00e1nak h\u00e1tr\u00e1nyos helyzet\u0171 csoportjai \u00fagy, mint n\u0151k, m\u00e9lyszeg\u00e9nys\u00e9gben \u00e9l\u0151k, rom\u00e1k, fogyat\u00e9kkal \u00e9l\u0151 szem\u00e9lyek, gyermekek \u00e9s az id\u0151sek.<\/p>\r\n<p><strong>Projekt c\u00e9lja:<\/strong>\u00a0A t\u00e1rsadalmi koh\u00e9zi\u00f3 er\u0151s\u00edt\u00e9se Szentesen a helyi k\u00f6z\u00f6ss\u00e9gi \u00e9let t\u00e1mogat\u00e1s\u00e1val, az es\u00e9lyegyenl\u0151s\u00e9g, valamint az akt\u00edv r\u00e9szv\u00e9tel szempontjainak \u00e9rv\u00e9nyes\u00edt\u00e9s\u00e9vel. Ugyancsak kiemelt c\u00e9lkit\u0171z\u00e9s a helyi szakemberek tud\u00e1s\u00e1ra \u00e9s tapasztalat\u00e1ra \u00e9p\u00fcl\u0151 sz\u00e9lesk\u00f6r\u0171 partners\u00e9g kialak\u00edt\u00e1sa, melynek els\u0151dleges feladata a v\u00e1rosban \u00e9l\u0151k, \u00e9s kiemelten a fiatalok bevon\u00e1sa a v\u00e1ros kultur\u00e1lis-, sport- \u00e9s k\u00f6z\u00f6ss\u00e9gi \u00e9let\u00e9be, a lok\u00e1lis trad\u00edci\u00f3k \u00e1tad\u00e1sa az \u00faj gener\u00e1ci\u00f3k sz\u00e1m\u00e1ra, valamint a kisk\u00f6z\u00f6ss\u00e9gek bels\u0151 koh\u00e9zi\u00f3j\u00e1nak er\u0151s\u00edt\u00e9se egy\u00fcttm\u0171k\u00f6d\u00e9sben Szentes lakoss\u00e1g\u00e1val.<\/p>\r\n<p>Az Eur\u00f3pai Uni\u00f3 vissza nem t\u00e9r\u00edtend\u0151 t\u00e1mogat\u00e1s\u00e1val, a Sz\u00e9chenyi Terv Plusz program keret\u00e9ben, \u00f6ner\u0151 n\u00e9lk\u00fcl megval\u00f3sul\u00f3 projektben a t\u00e1mogat\u00e1s az al\u00e1bbi ter\u00fcletekre f\u00f3kusz\u00e1l:<\/p>\r\n<ul class=\"wp-block-list\">\r\n<li>A konzorciumvezet\u0151 Szentes V\u00e1ros \u00d6nkorm\u00e1nyzata els\u0151dlegesen a gyermekj\u00f3l\u00e9ti szolg\u00e1ltat\u00e1sok fejleszt\u00e9s\u00e9t szolg\u00e1l\u00f3 beavatkoz\u00e1sok, a telep\u00fcl\u00e9si, vagy telep\u00fcl\u00e9sk\u00f6zi szolg\u00e1ltat\u00e1scsomagok fejleszt\u00e9s\u00e9t c\u00e9lz\u00f3 tev\u00e9kenys\u00e9gek, tov\u00e1bb\u00e1 az eg\u00e9szs\u00e9gfejleszt\u00e9si \u00e9s a szeml\u00e9letform\u00e1l\u00f3 tev\u00e9kenys\u00e9gek lebonyol\u00edt\u00e1s\u00e1\u00e9rt felel.<\/li>\r\n<li>A H\u00c1RFA Alap\u00edtv\u00e1ny feladata a m\u00e9lyszeg\u00e9nys\u00e9gben \u00e9l\u0151 gyermekek, roma gyermekek, illetve fiatal feln\u0151ttek fejleszt\u0151 tev\u00e9kenys\u00e9geinek megval\u00f3s\u00edt\u00e1sa, ifj\u00fas\u00e1got c\u00e9lz\u00f3 tev\u00e9kenys\u00e9gek, h\u00e1tr\u00e1nyos helyzet\u0171 fiatalokat t\u00e1mogat\u00f3 tev\u00e9kenys\u00e9gek, helyi k\u00f6z\u00f6ss\u00e9gfejleszt\u00e9st c\u00e9lz\u00f3 beavatkoz\u00e1sok, digit\u00e1lis kompetenci\u00e1k fejleszt\u00e9se.<\/li>\r\n<li>A MODUS Alap\u00edtv\u00e1ny els\u0151dleges feladata a projekt keret\u00e9ben a rom\u00e1k, valamint m\u00e9lyszeg\u00e9nys\u00e9gben \u00e9l\u0151k helyzet\u00e9t jav\u00edt\u00f3 int\u00e9zked\u00e9sek megval\u00f3s\u00edt\u00e1sa, az id\u0151skor\u00faak \u00e9letmin\u0151s\u00e9g\u00e9t jav\u00edt\u00f3 tev\u00e9kenys\u00e9gek szakmai koordin\u00e1ci\u00f3ja \u00e9s a fogyat\u00e9kos szem\u00e9lyek r\u00e9sz\u00e9re ny\u00fajtott szolg\u00e1ltat\u00e1sok fejleszt\u00e9se.<\/li>\r\n<\/ul>\r\n<p>A projekt tev\u00e9kenys\u00e9gei a konzorciumi tagok alaptev\u00e9kenys\u00e9geihez, alap\u00edt\u00f3i c\u00e9ljaihoz kapcsol\u00f3dnak, amely ter\u00fcleten mindegyik\u00fck jelent\u0151s tapasztalattal rendelkezik.<\/p>\r\n<p>[\/vc_column_text][\/vc_column][\/vc_row][vc_row][vc_column][vc_column_text css=&#8221;&#8221;]\r\n<p><strong>Szentes V\u00e1ros \u00d6nkorm\u00e1nyzata elind\u00edtja a TOP_Plusz-3.2.1-23-SZ1-2024-00001 azonos\u00edt\u00f3sz\u00e1m\u00fa, \u201eEgy\u00fctt Szentes\u00e9rt: Fenntarthat\u00f3 fejl\u0151d\u00e9s a k\u00f6z\u00f6ss\u00e9g\u00fcnk\u00e9rt\u201d c\u00edm\u0171 projektj\u00e9t. A fejleszt\u00e9s a Sz\u00e9chenyi Terv Plusz program keret\u00e9ben, 811,5 milli\u00f3 forint eur\u00f3pai uni\u00f3s, vissza nem t\u00e9r\u00edtend\u0151 t\u00e1mogat\u00e1s seg\u00edts\u00e9g\u00e9vel val\u00f3sul meg, 2028. m\u00e1rcius 31-ig.<\/strong><\/p>\r\n<p><strong><\/strong><\/p>\r\n<p><strong>A projekt c\u00e9lja Szentes t\u00e1rsadalmi koh\u00e9zi\u00f3j\u00e1nak er\u0151s\u00edt\u00e9se a helyi k\u00f6z\u00f6ss\u00e9gi \u00e9let fejleszt\u00e9s\u00e9vel, az es\u00e9lyegyenl\u0151s\u00e9g \u00e9s az akt\u00edv r\u00e9szv\u00e9tel el\u0151seg\u00edt\u00e9s\u00e9vel. Kiemelt figyelmet kapnak a h\u00e1tr\u00e1nyos helyzet\u0171 csoportok azaz a n\u0151k, gyermekek, id\u0151sek, fogyat\u00e9kkal \u00e9l\u0151k \u00e9s a roma k\u00f6z\u00f6ss\u00e9g.<\/strong><\/p>\r\n<p><strong><\/strong><\/p>\r\n<p><strong>A fejleszt\u00e9st Szentes V\u00e1ros \u00d6nkorm\u00e1nyzata konzorciumi egy\u00fcttm\u0171k\u00f6d\u00e9sben val\u00f3s\u00edtja meg a H\u00e1l\u00f3zat a Region\u00e1lis Fejleszt\u00e9s\u00e9rt Alap\u00edtv\u00e1nnyal (H\u00c1RFA) \u00e9s a MODUS Alap\u00edtv\u00e1nnyal. A tev\u00e9kenys\u00e9gek a konzorciumi partnerek tapasztalataira \u00e9p\u00edtenek: az \u00f6nkorm\u00e1nyzat a gyermekj\u00f3l\u00e9ti \u00e9s eg\u00e9szs\u00e9gfejleszt\u00e9si szolg\u00e1ltat\u00e1sok b\u0151v\u00edt\u00e9s\u00e9\u00e9rt, a H\u00c1RFA az ifj\u00fas\u00e1gi \u00e9s k\u00f6z\u00f6ss\u00e9gfejleszt\u00e9si programok\u00e9rt, a MODUS Alap\u00edtv\u00e1ny pedig a rom\u00e1k, m\u00e9lyszeg\u00e9nys\u00e9gben \u00e9l\u0151k, id\u0151sek \u00e9s fogyat\u00e9kkal \u00e9l\u0151k helyzet\u00e9nek jav\u00edt\u00e1s\u00e1\u00e9rt felel.<\/strong><\/p>\r\n<p><strong><\/strong><\/p>\r\n<p><strong>A projekt sor\u00e1n a v\u00e1ros kultur\u00e1lis, sport- \u00e9s k\u00f6z\u00f6ss\u00e9gi \u00e9let\u00e9be bevonj\u00e1k a fiatalokat, \u00e1tadj\u00e1k a lok\u00e1lis trad\u00edci\u00f3kat az \u00faj gener\u00e1ci\u00f3k sz\u00e1m\u00e1ra, valamint er\u0151s\u00edtik a kisk\u00f6z\u00f6ss\u00e9gek bels\u0151 \u00f6sszetart\u00e1s\u00e1t.<\/strong><\/p>\r\n<p><strong>Projekt c\u00edme:<\/strong>\u00a0Egy\u00fctt Szentes\u00e9rt: Fenntarthat\u00f3 fejl\u0151d\u00e9s a k\u00f6z\u00f6ss\u00e9g\u00fcnk\u00e9rt<\/p>\r\n<p><strong>Projekt azonos\u00edt\u00f3 sz\u00e1ma:<\/strong>\u00a0TOP_PLUSZ-3.2.1-23-SZ1-2024-00001<\/p>\r\n<p><strong>Projekt v\u00e9ge:<\/strong>\u00a02028. m\u00e1rcius 31.<\/p>\r\n<p><strong>T\u00e1mogat\u00e1si \u00f6sszeg:<\/strong>\u00a0811 498 652 Ft<\/p>\r\n<p><strong>Konzorcium vezet\u0151:<\/strong>\u00a0Szentes V\u00e1ros \u00d6nkorm\u00e1nyzata<\/p>\r\n<p><strong>Konzorciumi tagok:<\/strong><\/p>\r\n<ul class=\"wp-block-list\">\r\n<li>H\u00e1l\u00f3zat a Region\u00e1lis Fejleszt\u00e9s\u00e9rt Alap\u00edtv\u00e1ny (H\u00c1RFA)<\/li>\r\n<li>MODUS Alap\u00edtv\u00e1ny<\/li>\r\n<\/ul>\r\n<p><strong>Megval\u00f3sul\u00e1s helysz\u00edne:<\/strong>\u00a0Szentes v\u00e1ros ter\u00fclete<\/p>\r\n<p><strong>Projekt c\u00e9lcsoportja<\/strong>: A v\u00e1ros lakoss\u00e1g\u00e1nak h\u00e1tr\u00e1nyos helyzet\u0171 csoportjai \u00fagy, mint n\u0151k, m\u00e9lyszeg\u00e9nys\u00e9gben \u00e9l\u0151k, rom\u00e1k, fogyat\u00e9kkal \u00e9l\u0151 szem\u00e9lyek, gyermekek \u00e9s az id\u0151sek.<\/p>\r\n<p><strong>Projekt c\u00e9lja:<\/strong>\u00a0A t\u00e1rsadalmi koh\u00e9zi\u00f3 er\u0151s\u00edt\u00e9se Szentesen a helyi k\u00f6z\u00f6ss\u00e9gi \u00e9let t\u00e1mogat\u00e1s\u00e1val, az es\u00e9lyegyenl\u0151s\u00e9g, valamint az akt\u00edv r\u00e9szv\u00e9tel szempontjainak \u00e9rv\u00e9nyes\u00edt\u00e9s\u00e9vel. Ugyancsak kiemelt c\u00e9lkit\u0171z\u00e9s a helyi szakemberek tud\u00e1s\u00e1ra \u00e9s tapasztalat\u00e1ra \u00e9p\u00fcl\u0151 sz\u00e9lesk\u00f6r\u0171 partners\u00e9g kialak\u00edt\u00e1sa, melynek els\u0151dleges feladata a v\u00e1rosban \u00e9l\u0151k, \u00e9s kiemelten a fiatalok bevon\u00e1sa a v\u00e1ros kultur\u00e1lis-, sport- \u00e9s k\u00f6z\u00f6ss\u00e9gi \u00e9let\u00e9be, a lok\u00e1lis trad\u00edci\u00f3k \u00e1tad\u00e1sa az \u00faj gener\u00e1ci\u00f3k sz\u00e1m\u00e1ra, valamint a kisk\u00f6z\u00f6ss\u00e9gek bels\u0151 koh\u00e9zi\u00f3j\u00e1nak er\u0151s\u00edt\u00e9se egy\u00fcttm\u0171k\u00f6d\u00e9sben Szentes lakoss\u00e1g\u00e1val.<\/p>\r\n<p>Az Eur\u00f3pai Uni\u00f3 vissza nem t\u00e9r\u00edtend\u0151 t\u00e1mogat\u00e1s\u00e1val, a Sz\u00e9chenyi Terv Plusz program keret\u00e9ben, \u00f6ner\u0151 n\u00e9lk\u00fcl megval\u00f3sul\u00f3 projektben a t\u00e1mogat\u00e1s az al\u00e1bbi ter\u00fcletekre f\u00f3kusz\u00e1l:<\/p>\r\n<ul class=\"wp-block-list\">\r\n<li>A konzorciumvezet\u0151 Szentes V\u00e1ros \u00d6nkorm\u00e1nyzata els\u0151dlegesen a gyermekj\u00f3l\u00e9ti szolg\u00e1ltat\u00e1sok fejleszt\u00e9s\u00e9t szolg\u00e1l\u00f3 beavatkoz\u00e1sok, a telep\u00fcl\u00e9si, vagy telep\u00fcl\u00e9sk\u00f6zi szolg\u00e1ltat\u00e1scsomagok fejleszt\u00e9s\u00e9t c\u00e9lz\u00f3 tev\u00e9kenys\u00e9gek, tov\u00e1bb\u00e1 az eg\u00e9szs\u00e9gfejleszt\u00e9si \u00e9s a szeml\u00e9letform\u00e1l\u00f3 tev\u00e9kenys\u00e9gek lebonyol\u00edt\u00e1s\u00e1\u00e9rt felel.<\/li>\r\n<li>A H\u00c1RFA Alap\u00edtv\u00e1ny feladata a m\u00e9lyszeg\u00e9nys\u00e9gben \u00e9l\u0151 gyermekek, roma gyermekek, illetve fiatal feln\u0151ttek fejleszt\u0151 tev\u00e9kenys\u00e9geinek megval\u00f3s\u00edt\u00e1sa, ifj\u00fas\u00e1got c\u00e9lz\u00f3 tev\u00e9kenys\u00e9gek, h\u00e1tr\u00e1nyos helyzet\u0171 fiatalokat t\u00e1mogat\u00f3 tev\u00e9kenys\u00e9gek, helyi k\u00f6z\u00f6ss\u00e9gfejleszt\u00e9st c\u00e9lz\u00f3 beavatkoz\u00e1sok, digit\u00e1lis kompetenci\u00e1k fejleszt\u00e9se.<\/li>\r\n<li>A MODUS Alap\u00edtv\u00e1ny els\u0151dleges feladata a projekt keret\u00e9ben a rom\u00e1k, valamint m\u00e9lyszeg\u00e9nys\u00e9gben \u00e9l\u0151k helyzet\u00e9t jav\u00edt\u00f3 int\u00e9zked\u00e9sek megval\u00f3s\u00edt\u00e1sa, az id\u0151skor\u00faak \u00e9letmin\u0151s\u00e9g\u00e9t jav\u00edt\u00f3 tev\u00e9kenys\u00e9gek szakmai koordin\u00e1ci\u00f3ja \u00e9s a fogyat\u00e9kos szem\u00e9lyek r\u00e9sz\u00e9re ny\u00fajtott szolg\u00e1ltat\u00e1sok fejleszt\u00e9se.<\/li>\r\n<\/ul>\r\n<p>A projekt tev\u00e9kenys\u00e9gei a konzorciumi tagok alaptev\u00e9kenys\u00e9geihez, alap\u00edt\u00f3i c\u00e9ljaihoz kapcsol\u00f3dnak, amely ter\u00fcleten mindegyik\u00fck jelent\u0151s tapasztalattal rendelkezik.<\/p>\r\n<p>[\/vc_column_text][\/vc_column][\/vc_row][vc_row][vc_column][vc_separator color=&#8221;mulled_wine&#8221; border_width=&#8221;2&#8243; el_width=&#8221;70&#8243; css=&#8221;.vc_custom_1762478627032{margin-top: 30px !important;margin-bottom: 30px !important;}&#8221;][\/vc_column][\/vc_row][vc_row][vc_column][\/vc_column][\/vc_row][vc_row][vc_column][vc_single_image image=&#8221;10&#8243; img_size=&#8221;280&#215;80&#8243; css=&#8221;.vc_custom_1762477542632{margin-bottom: 0px !important;}&#8221; el_class=&#8221;infoblock1 show&#8221;][\/vc_column][\/vc_row][vc_row][vc_column][vc_separator css=&#8221;.vc_custom_1762478789938{margin-top: 30px !important;margin-bottom: 20px !important;}&#8221;][\/vc_column][\/vc_row]<\/div>","protected":false},"excerpt":{"rendered":"<p>[vc_row disable_element=&#8221;yes&#8221;][vc_column][vc_single_image image=&#8221;37&#8243; img_size=&#8221;full&#8221; css=&#8221;&#8221;][\/vc_column][\/vc_row][vc_row][vc_column][vc_empty_space height=&#8221;0px&#8221;][\/vc_column][\/vc_row][vc_row][vc_column][vc_single_image image=&#8221;10&#8243; img_size=&#8221;full&#8221; css=&#8221;&#8221;][\/vc_column][\/vc_row][vc_row disable_element=&#8221;yes&#8221;][vc_column width=&#8221;1\/2&#8243;][vc_column_text css=&#8221;&#8221;] Szentes V\u00e1ros \u00d6nkorm\u00e1nyzata elind\u00edtja a TOP_Plusz-3.2.1-23-SZ1-2024-00001 azonos\u00edt\u00f3sz\u00e1m\u00fa, \u201eEgy\u00fctt Szentes\u00e9rt: Fenntarthat\u00f3 fejl\u0151d\u00e9s a k\u00f6z\u00f6ss\u00e9g\u00fcnk\u00e9rt\u201d c\u00edm\u0171 projektj\u00e9t. A fejleszt\u00e9s a Sz\u00e9chenyi Terv Plusz program keret\u00e9ben, 811,5 milli\u00f3 forint eur\u00f3pai uni\u00f3s, vissza nem t\u00e9r\u00edtend\u0151 t\u00e1mogat\u00e1s seg\u00edts\u00e9g\u00e9vel val\u00f3sul meg, 2028. m\u00e1rcius 31-ig. A projekt c\u00e9lja Szentes t\u00e1rsadalmi [&hellip;]<\/p>\n","protected":false},"author":1,"featured_media":67,"parent":0,"menu_order":0,"comment_status":"closed","ping_status":"open","template":"page-templates\/not-boxed-without-title.php","meta":{"footnotes":""},"class_list":["post-2","page","type-page","status-publish","has-post-thumbnail","hentry"],"_links":{"self":[{"href":"https:\/\/www.szentes.hu\/esza\/index.php\/wp-json\/wp\/v2\/pages\/2","targetHints":{"allow":["GET"]}}],"collection":[{"href":"https:\/\/www.szentes.hu\/esza\/index.php\/wp-json\/wp\/v2\/pages"}],"about":[{"href":"https:\/\/www.szentes.hu\/esza\/index.php\/wp-json\/wp\/v2\/types\/page"}],"author":[{"embeddable":true,"href":"https:\/\/www.szentes.hu\/esza\/index.php\/wp-json\/wp\/v2\/users\/1"}],"replies":[{"embeddable":true,"href":"https:\/\/www.szentes.hu\/esza\/index.php\/wp-json\/wp\/v2\/comments?post=2"}],"version-history":[{"count":35,"href":"https:\/\/www.szentes.hu\/esza\/index.php\/wp-json\/wp\/v2\/pages\/2\/revisions"}],"predecessor-version":[{"id":82,"href":"https:\/\/www.szentes.hu\/esza\/index.php\/wp-json\/wp\/v2\/pages\/2\/revisions\/82"}],"wp:featuredmedia":[{"embeddable":true,"href":"https:\/\/www.szentes.hu\/esza\/index.php\/wp-json\/wp\/v2\/media\/67"}],"wp:attachment":[{"href":"https:\/\/www.szentes.hu\/esza\/index.php\/wp-json\/wp\/v2\/media?parent=2"}],"curies":[{"name":"wp","href":"https:\/\/api.w.org\/{rel}","templated":true}]}}